{"id":456,"date":"2019-03-17T08:44:41","date_gmt":"2019-03-17T08:44:41","guid":{"rendered":"http:\/\/www.mydatr.fr\/bulgarie2019\/?post_type=project&#038;p=456"},"modified":"2019-04-06T19:59:58","modified_gmt":"2019-04-06T19:59:58","slug":"8ieme-journee","status":"publish","type":"project","link":"https:\/\/www.mydatr.fr\/bulgarie2019\/project\/8ieme-journee\/","title":{"rendered":"8i\u00e8me jour"},"content":{"rendered":"<p>[et_pb_section fb_built=\u00a0\u00bb1&Prime; inner_shadow=\u00a0\u00bbon\u00a0\u00bb fullwidth=\u00a0\u00bbon\u00a0\u00bb _builder_version=\u00a0\u00bb3.0.95&Prime; custom_padding=\u00a0\u00bb0px|0px|0|0px|false|false\u00a0\u00bb][et_pb_fullwidth_header title=\u00a0\u00bbDirection Sofia!\u00a0\u00bb text_orientation=\u00a0\u00bbcenter\u00a0\u00bb scroll_down_icon_color=\u00a0\u00bb#ffffff\u00a0\u00bb scroll_down_icon_size=\u00a0\u00bb43px\u00a0\u00bb background_overlay_color=\u00a0\u00bbrgba(0,0,0,0.1)\u00a0\u00bb _builder_version=\u00a0\u00bb3.20.2&Prime; title_font=\u00a0\u00bbShadows Into Light|700|||||||\u00a0\u00bb title_text_align=\u00a0\u00bbcenter\u00a0\u00bb title_font_size=\u00a0\u00bb50px\u00a0\u00bb title_font_size_phone=\u00a0\u00bb45px\u00a0\u00bb title_font_size_last_edited=\u00a0\u00bbon|phone\u00a0\u00bb title_letter_spacing=\u00a0\u00bb7px\u00a0\u00bb title_line_height=\u00a0\u00bb1.5em\u00a0\u00bb title_text_shadow_style=\u00a0\u00bbpreset4&Prime; title_text_shadow_color=\u00a0\u00bbrgba(0,0,0,0.53)\u00a0\u00bb content_font=\u00a0\u00bb||||||||\u00a0\u00bb content_line_height=\u00a0\u00bb0.7em\u00a0\u00bb subhead_font=\u00a0\u00bb|600|||||||\u00a0\u00bb subhead_font_size=\u00a0\u00bb26px\u00a0\u00bb subhead_letter_spacing=\u00a0\u00bb2px\u00a0\u00bb subhead_text_shadow_style=\u00a0\u00bbpreset4&Prime; background_color=\u00a0\u00bbrgba(0,0,0,0.54)\u00a0\u00bb background_image=\u00a0\u00bbhttp:\/\/www.mydatr.fr\/bulgarie2019\/wp-content\/uploads\/2019\/03\/mountains-2431497_1920-1.jpg\u00a0\u00bb parallax=\u00a0\u00bbon\u00a0\u00bb parallax_method=\u00a0\u00bbon\u00a0\u00bb custom_button_one=\u00a0\u00bbon\u00a0\u00bb button_one_text_size=\u00a0\u00bb21px\u00a0\u00bb button_one_border_radius=\u00a0\u00bb30px\u00a0\u00bb button_one_font=\u00a0\u00bb||||||||\u00a0\u00bb button_one_icon=\u00a0\u00bb%%150%%\u00a0\u00bb button_one_on_hover=\u00a0\u00bboff\u00a0\u00bb box_shadow_style_button_one=\u00a0\u00bbpreset2&Prime; box_shadow_color_button_one=\u00a0\u00bb#000000&Prime; text_shadow_style=\u00a0\u00bbpreset1&Prime; button_one_bg_color_hover=\u00a0\u00bb#0d9adb\u00a0\u00bb button_one_text_size__hover_enabled=\u00a0\u00bboff\u00a0\u00bb button_two_text_size__hover_enabled=\u00a0\u00bboff\u00a0\u00bb button_one_text_color__hover_enabled=\u00a0\u00bboff\u00a0\u00bb button_two_text_color__hover_enabled=\u00a0\u00bboff\u00a0\u00bb button_one_border_width__hover_enabled=\u00a0\u00bboff\u00a0\u00bb button_two_border_width__hover_enabled=\u00a0\u00bboff\u00a0\u00bb button_one_border_color__hover_enabled=\u00a0\u00bboff\u00a0\u00bb button_two_border_color__hover_enabled=\u00a0\u00bboff\u00a0\u00bb button_one_border_radius__hover_enabled=\u00a0\u00bboff\u00a0\u00bb button_two_border_radius__hover_enabled=\u00a0\u00bboff\u00a0\u00bb button_one_letter_spacing__hover_enabled=\u00a0\u00bboff\u00a0\u00bb button_two_letter_spacing__hover_enabled=\u00a0\u00bboff\u00a0\u00bb button_one_bg_color__hover_enabled=\u00a0\u00bbon\u00a0\u00bb button_one_bg_color__hover=\u00a0\u00bb#0d9adb\u00a0\u00bb button_two_bg_color__hover_enabled=\u00a0\u00bboff\u00a0\u00bb]<\/p>\n<p>&nbsp;<\/p>\n<p><img decoding=\"async\" loading=\"lazy\" src=\"..\/..\/wp-content\/uploads\/2019\/03\/image2-1-300x300.png\" alt=\"\" class=\"wp-image-353 alignnone size-medium\" width=\"136\" height=\"136\" srcset=\"https:\/\/www.mydatr.fr\/bulgarie2019\/wp-content\/uploads\/2019\/03\/image2-1-300x300.png 300w, https:\/\/www.mydatr.fr\/bulgarie2019\/wp-content\/uploads\/2019\/03\/image2-1-150x150.png 150w, https:\/\/www.mydatr.fr\/bulgarie2019\/wp-content\/uploads\/2019\/03\/image2-1.png 762w\" sizes=\"(max-width: 136px) 100vw, 136px\" \/><\/p>\n<p>[\/et_pb_fullwidth_header][\/et_pb_section][et_pb_section fb_built=\u00a0\u00bb1&Prime; fullwidth=\u00a0\u00bbon\u00a0\u00bb _builder_version=\u00a0\u00bb3.0.95&Prime;][et_pb_fullwidth_map google_api_key=\u00a0\u00bbAIzaSyA9whQsrsldpeV4Brx395s6bLwYsTdT0oY \u00a0\u00bb address=\u00a0\u00bbSofia, Bulgarie\u00a0\u00bb zoom_level=\u00a0\u00bb7&Prime; address_lat=\u00a0\u00bb42.615810929848&Prime; address_lng=\u00a0\u00bb24.141494248562&Prime; mouse_wheel=\u00a0\u00bboff\u00a0\u00bb _builder_version=\u00a0\u00bb3.20.2&Prime;][et_pb_map_pin title=\u00a0\u00bbSofia\u00a0\u00bb pin_address=\u00a0\u00bb2290 Iskrets, Bulgarie\u00a0\u00bb pin_address_lat=\u00a0\u00bb42.9870635&Prime; pin_address_lng=\u00a0\u00bb23.2501684&Prime; _builder_version=\u00a0\u00bb3.0.95&Prime;]<\/p>\n<p>Capitale de la Bulgarie<\/p>\n<p>[\/et_pb_map_pin][\/et_pb_fullwidth_map][\/et_pb_section][et_pb_section fb_built=\u00a0\u00bb1&Prime; _builder_version=\u00a0\u00bb3.0.95&Prime; custom_padding=\u00a0\u00bb0px|0px|0px|0px\u00a0\u00bb][et_pb_row make_fullwidth=\u00a0\u00bbon\u00a0\u00bb custom_padding=\u00a0\u00bb15px|0px|2px|425px|false|false\u00a0\u00bb custom_padding_last_edited=\u00a0\u00bbon|desktop\u00a0\u00bb _builder_version=\u00a0\u00bb3.20.2&Prime;][et_pb_column type=\u00a0\u00bb4_4&Prime; _builder_version=\u00a0\u00bb3.0.95&Prime;][et_pb_text _builder_version=\u00a0\u00bb3.20.2&Prime; text_font=\u00a0\u00bbShadows Into Light|700|on|||on|||\u00a0\u00bb text_font_size=\u00a0\u00bb60px\u00a0\u00bb text_text_shadow_style=\u00a0\u00bbpreset1&Prime; text_text_shadow_color=\u00a0\u00bbrgba(0,0,0,0.42)\u00a0\u00bb header_font=\u00a0\u00bb||||||||\u00a0\u00bb header_font_size_phone=\u00a0\u00bb31px\u00a0\u00bb header_font_size_last_edited=\u00a0\u00bbon|desktop\u00a0\u00bb header_2_font=\u00a0\u00bb||||||||\u00a0\u00bb header_2_font_size=\u00a0\u00bb52px\u00a0\u00bb custom_margin=\u00a0\u00bb|||-303px\u00a0\u00bb custom_margin_last_edited=\u00a0\u00bbon|phone\u00a0\u00bb]<\/p>\n<h1><strong>R\u00e9sum\u00e9 du jour!<span style=\"font-size: small;\"><\/span><br \/> <\/strong><\/h1>\n<p>[\/et_pb_text][\/et_pb_column][\/et_pb_row][\/et_pb_section][et_pb_section fb_built=\u00a0\u00bb1&Prime; _builder_version=\u00a0\u00bb3.0.95&Prime; custom_padding=\u00a0\u00bb0|0px|0|0px|false|false\u00a0\u00bb][et_pb_row custom_padding=\u00a0\u00bb0|0px|0|0px|false|false\u00a0\u00bb _builder_version=\u00a0\u00bb3.0.95&Prime;][et_pb_column type=\u00a0\u00bb1_2&Prime; _builder_version=\u00a0\u00bb3.0.95&Prime;][et_pb_image src=\u00a0\u00bbhttp:\/\/www.mydatr.fr\/bulgarie2019\/wp-content\/uploads\/2019\/04\/56391601_2407040289527449_881880279063461888_o.jpg\u00a0\u00bb _builder_version=\u00a0\u00bb3.20.2&Prime; custom_margin=\u00a0\u00bb97px||\u00a0\u00bb][\/et_pb_image][\/et_pb_column][et_pb_column type=\u00a0\u00bb1_2&Prime; _builder_version=\u00a0\u00bb3.0.95&Prime;][et_pb_text _builder_version=\u00a0\u00bb3.20.2&Prime; text_font=\u00a0\u00bb||||||||\u00a0\u00bb text_font_size_phone=\u00a0\u00bb17px\u00a0\u00bb text_font_size_last_edited=\u00a0\u00bbon|phone\u00a0\u00bb text_letter_spacing=\u00a0\u00bb1px\u00a0\u00bb text_line_height=\u00a0\u00bb1.4em\u00a0\u00bb header_font=\u00a0\u00bb||||||||\u00a0\u00bb animation_style=\u00a0\u00bbslide\u00a0\u00bb]<\/p>\n<p style=\"text-align: justify;\">Vendredi 05 Avril,<\/p>\n<p style=\"text-align: justify;\">dernier jour de notre p\u00e9riple. Nous prenons notre dernier petit d\u00e9jeuner a l&rsquo;auberge avant de partir a la rencontre de Todor Shabanski, manager a Sofia Capitale Europ\u00e9enne du sport 2018 (maintenant permanente).<\/p>\n<p style=\"text-align: justify;\">M. Shabanski nous a fait une pr\u00e9sentation des objectifs, des projets mis en place a l&rsquo;occasion de la labellisation capitale europ\u00e9enne du sport. il nous a donn\u00e9 beaucoup d&rsquo;informations int\u00e9ressantes et cela nous a donn\u00e9 des id\u00e9es de projets en lien avec le sport pour redynamiser les territoires.<\/p>\n<p style=\"text-align: justify;\">Apr\u00e8s cette rencontre nous sommes all\u00e9s voir la petite \u00e9glise de Boyana. Situ\u00e9e \u00e0 la p\u00e9riph\u00e9rie de Sofia, l&rsquo;\u00e9glise de Boyana se compose de trois b\u00e2timents mais a un aspect tout petit nous \u00e9tions tr\u00e8s surpris aussi par son aspect simple a l\u2019ext\u00e9rieur cette \u00e9glise \u00e9t\u00e9 construite au Xe si\u00e8cle.\u2026 \u00a0pourquoi est elle au patrimoine mondiale de l\u2019Unesco nous sommes nous demand\u00e9s? \u2026et bien le secret est \u00e0 l&rsquo;int\u00e9rieur, ce sont ses fresques peintes en 1259, qui constituent l&rsquo;une des plus importantes collections de peintures m\u00e9di\u00e9vales.<\/p>\n<p>[\/et_pb_text][\/et_pb_column][\/et_pb_row][et_pb_row custom_padding=\u00a0\u00bb6px|0px|0|0px|false|false\u00a0\u00bb _builder_version=\u00a0\u00bb3.0.95&Prime;][et_pb_column type=\u00a0\u00bb1_2&Prime; _builder_version=\u00a0\u00bb3.0.95&Prime;][et_pb_text _builder_version=\u00a0\u00bb3.20.2&Prime; text_font=\u00a0\u00bb||||||||\u00a0\u00bb text_font_size_phone=\u00a0\u00bb17px\u00a0\u00bb text_font_size_last_edited=\u00a0\u00bbon|phone\u00a0\u00bb text_letter_spacing=\u00a0\u00bb1px\u00a0\u00bb text_line_height=\u00a0\u00bb1.4em\u00a0\u00bb header_font=\u00a0\u00bb||||||||\u00a0\u00bb animation_style=\u00a0\u00bbslide\u00a0\u00bb]<\/p>\n<p style=\"text-align: justify;\">\n<p style=\"text-align: justify;\">Ce site comprend les monuments les plus parfaits et les mieux conserv\u00e9s de l&rsquo;art m\u00e9di\u00e9val d&rsquo;Europe de l&rsquo;Est.<\/p>\n<p style=\"text-align: justify;\">Retour vers le centre ville pour le repas et les derniers achats. D\u00e9part vers l&rsquo;a\u00e9roport en milieu d\u2019apr\u00e8s midi. Puis a l&rsquo;heure pr\u00e9vue 21h10 nous avons pris l&rsquo;avion pour rentrer a Charleroi. Un bel atterrissage sans probl\u00e8me.<\/p>\n<p style=\"text-align: justify;\">Nous voici a pr\u00e9sent dans le bus retour, fatigu\u00e9s de nos aventures mais des souvenirs et des rencontres pleins la t\u00eate, des anecdotes des rires des moments de frustration de gal\u00e8res, des moments bien et d&rsquo;autres moins une semaine intense, avec 24\/24 les profs a vivre en communaut\u00e9 \u00e0 21, des immenses progr\u00e8s dans notre anglais, une plus grande confiance en nous et des \u201cmadame on fait quoi\u2026 \u201c \u00e0 n&rsquo;en plus finir.<\/p>\n<p style=\"text-align: justify;\">Heureusement les vacances sont l\u00e0 pour que l&rsquo;on se repose et que l&rsquo;on vous raconte de vives voix nos aventures.<\/p>\n<p style=\"text-align: justify;\">Bonne soir\u00e9e<\/p>\n<p style=\"text-align: justify;\">\n<p>[\/et_pb_text][\/et_pb_column][et_pb_column type=\u00a0\u00bb1_2&Prime; _builder_version=\u00a0\u00bb3.0.95&Prime;][et_pb_text _builder_version=\u00a0\u00bb3.20.2&Prime; text_font=\u00a0\u00bb||||||||\u00a0\u00bb text_font_size_phone=\u00a0\u00bb17px\u00a0\u00bb text_font_size_last_edited=\u00a0\u00bbon|phone\u00a0\u00bb text_letter_spacing=\u00a0\u00bb1px\u00a0\u00bb text_line_height=\u00a0\u00bb1.4em\u00a0\u00bb header_font=\u00a0\u00bb||||||||\u00a0\u00bb animation_style=\u00a0\u00bbslide\u00a0\u00bb][\/et_pb_text][\/et_pb_column][\/et_pb_row][\/et_pb_section][et_pb_section fb_built=\u00a0\u00bb1&Prime; _builder_version=\u00a0\u00bb3.0.95&Prime; background_color=\u00a0\u00bb#408fdd\u00a0\u00bb custom_padding=\u00a0\u00bb0|0px|10px|0px|false|false\u00a0\u00bb][et_pb_row custom_padding=\u00a0\u00bb33px|0px|27px|0px\u00a0\u00bb _builder_version=\u00a0\u00bb3.0.47&Prime; background_size=\u00a0\u00bbinitial\u00a0\u00bb background_position=\u00a0\u00bbtop_left\u00a0\u00bb background_repeat=\u00a0\u00bbrepeat\u00a0\u00bb][et_pb_column type=\u00a0\u00bb4_4&Prime; _builder_version=\u00a0\u00bb3.0.47&Prime;][et_pb_cta title=\u00a0\u00bbFacebook\u00a0\u00bb button_url=\u00a0\u00bbhttps:\/\/www.facebook.com\/mydatr.fr\u00a0\u00bb button_text=\u00a0\u00bbNous rejoindre\u00a0\u00bb admin_label=\u00a0\u00bbCall To Action\u00a0\u00bb _builder_version=\u00a0\u00bb3.20.2&Prime; header_level=\u00a0\u00bbh1&Prime; header_font=\u00a0\u00bb||||||||\u00a0\u00bb header_font_size=\u00a0\u00bb52px\u00a0\u00bb header_font_size_phone=\u00a0\u00bb45px\u00a0\u00bb header_font_size_last_edited=\u00a0\u00bbon|phone\u00a0\u00bb body_font=\u00a0\u00bb||||||||\u00a0\u00bb body_font_size_phone=\u00a0\u00bb22px\u00a0\u00bb body_font_size_last_edited=\u00a0\u00bbon|phone\u00a0\u00bb use_background_color=\u00a0\u00bboff\u00a0\u00bb background_size=\u00a0\u00bbinitial\u00a0\u00bb background_position=\u00a0\u00bbtop_left\u00a0\u00bb background_repeat=\u00a0\u00bbrepeat\u00a0\u00bb custom_button=\u00a0\u00bbon\u00a0\u00bb button_border_radius=\u00a0\u00bb30px\u00a0\u00bb button_font=\u00a0\u00bb||||||||\u00a0\u00bb button_icon=\u00a0\u00bb%%291%%\u00a0\u00bb button_icon_color=\u00a0\u00bb#ffffff\u00a0\u00bb button_on_hover=\u00a0\u00bboff\u00a0\u00bb button_text_shadow_style=\u00a0\u00bbpreset1&Prime; box_shadow_style_button=\u00a0\u00bbpreset1&Prime; link_option_url_new_window=\u00a0\u00bbon\u00a0\u00bb button_text_size__hover_enabled=\u00a0\u00bboff\u00a0\u00bb button_one_text_size__hover_enabled=\u00a0\u00bboff\u00a0\u00bb button_two_text_size__hover_enabled=\u00a0\u00bboff\u00a0\u00bb button_text_color__hover_enabled=\u00a0\u00bboff\u00a0\u00bb button_one_text_color__hover_enabled=\u00a0\u00bboff\u00a0\u00bb button_two_text_color__hover_enabled=\u00a0\u00bboff\u00a0\u00bb button_border_width__hover_enabled=\u00a0\u00bboff\u00a0\u00bb button_one_border_width__hover_enabled=\u00a0\u00bboff\u00a0\u00bb button_two_border_width__hover_enabled=\u00a0\u00bboff\u00a0\u00bb button_border_color__hover_enabled=\u00a0\u00bboff\u00a0\u00bb button_one_border_color__hover_enabled=\u00a0\u00bboff\u00a0\u00bb button_two_border_color__hover_enabled=\u00a0\u00bboff\u00a0\u00bb button_border_radius__hover_enabled=\u00a0\u00bboff\u00a0\u00bb button_one_border_radius__hover_enabled=\u00a0\u00bboff\u00a0\u00bb button_two_border_radius__hover_enabled=\u00a0\u00bboff\u00a0\u00bb button_letter_spacing__hover_enabled=\u00a0\u00bboff\u00a0\u00bb button_one_letter_spacing__hover_enabled=\u00a0\u00bboff\u00a0\u00bb button_two_letter_spacing__hover_enabled=\u00a0\u00bboff\u00a0\u00bb button_bg_color__hover_enabled=\u00a0\u00bboff\u00a0\u00bb button_one_bg_color__hover_enabled=\u00a0\u00bboff\u00a0\u00bb button_two_bg_color__hover_enabled=\u00a0\u00bboff\u00a0\u00bb]<\/p>\n<p>N&rsquo;h\u00e9sitez pas \u00e0 nous suivre!<\/p>\n<p>[\/et_pb_cta][\/et_pb_column][\/et_pb_row][\/et_pb_section]<\/p>\n","protected":false},"excerpt":{"rendered":"<p>[et_pb_section fb_built=\u00a0\u00bb1&Prime; inner_shadow=\u00a0\u00bbon\u00a0\u00bb fullwidth=\u00a0\u00bbon\u00a0\u00bb _builder_version=\u00a0\u00bb3.0.95&Prime; custom_padding=\u00a0\u00bb0px|0px|0|0px|false|false\u00a0\u00bb][et_pb_fullwidth_header title=\u00a0\u00bbDirection Sofia!\u00a0\u00bb text_orientation=\u00a0\u00bbcenter\u00a0\u00bb scroll_down_icon_color=\u00a0\u00bb#ffffff\u00a0\u00bb scroll_down_icon_size=\u00a0\u00bb43px\u00a0\u00bb background_overlay_color=\u00a0\u00bbrgba(0,0,0,0.1)\u00a0\u00bb _builder_version=\u00a0\u00bb3.20.2&Prime; title_font=\u00a0\u00bbShadows Into Light|700|||||||\u00a0\u00bb title_text_align=\u00a0\u00bbcenter\u00a0\u00bb title_font_size=\u00a0\u00bb50px\u00a0\u00bb title_font_size_phone=\u00a0\u00bb45px\u00a0\u00bb title_font_size_last_edited=\u00a0\u00bbon|phone\u00a0\u00bb title_letter_spacing=\u00a0\u00bb7px\u00a0\u00bb title_line_height=\u00a0\u00bb1.5em\u00a0\u00bb title_text_shadow_style=\u00a0\u00bbpreset4&Prime; title_text_shadow_color=\u00a0\u00bbrgba(0,0,0,0.53)\u00a0\u00bb content_font=\u00a0\u00bb||||||||\u00a0\u00bb content_line_height=\u00a0\u00bb0.7em\u00a0\u00bb subhead_font=\u00a0\u00bb|600|||||||\u00a0\u00bb subhead_font_size=\u00a0\u00bb26px\u00a0\u00bb subhead_letter_spacing=\u00a0\u00bb2px\u00a0\u00bb subhead_text_shadow_style=\u00a0\u00bbpreset4&Prime; background_color=\u00a0\u00bbrgba(0,0,0,0.54)\u00a0\u00bb background_image=\u00a0\u00bbhttp:\/\/www.mydatr.fr\/bulgarie2019\/wp-content\/uploads\/2019\/03\/mountains-2431497_1920-1.jpg\u00a0\u00bb parallax=\u00a0\u00bbon\u00a0\u00bb parallax_method=\u00a0\u00bbon\u00a0\u00bb custom_button_one=\u00a0\u00bbon\u00a0\u00bb button_one_text_size=\u00a0\u00bb21px\u00a0\u00bb button_one_border_radius=\u00a0\u00bb30px\u00a0\u00bb button_one_font=\u00a0\u00bb||||||||\u00a0\u00bb button_one_icon=\u00a0\u00bb%%150%%\u00a0\u00bb button_one_on_hover=\u00a0\u00bboff\u00a0\u00bb box_shadow_style_button_one=\u00a0\u00bbpreset2&Prime; box_shadow_color_button_one=\u00a0\u00bb#000000&Prime; text_shadow_style=\u00a0\u00bbpreset1&Prime; button_one_bg_color_hover=\u00a0\u00bb#0d9adb\u00a0\u00bb button_one_text_size__hover_enabled=\u00a0\u00bboff\u00a0\u00bb button_two_text_size__hover_enabled=\u00a0\u00bboff\u00a0\u00bb button_one_text_color__hover_enabled=\u00a0\u00bboff\u00a0\u00bb button_two_text_color__hover_enabled=\u00a0\u00bboff\u00a0\u00bb button_one_border_width__hover_enabled=\u00a0\u00bboff\u00a0\u00bb button_two_border_width__hover_enabled=\u00a0\u00bboff\u00a0\u00bb button_one_border_color__hover_enabled=\u00a0\u00bboff\u00a0\u00bb button_two_border_color__hover_enabled=\u00a0\u00bboff\u00a0\u00bb button_one_border_radius__hover_enabled=\u00a0\u00bboff\u00a0\u00bb button_two_border_radius__hover_enabled=\u00a0\u00bboff\u00a0\u00bb button_one_letter_spacing__hover_enabled=\u00a0\u00bboff\u00a0\u00bb [&hellip;]<\/p>\n","protected":false},"author":1,"featured_media":278,"comment_status":"open","ping_status":"closed","template":"","meta":{"ngg_post_thumbnail":0,"_et_pb_use_builder":"on","_et_pb_old_content":""},"project_category":[10],"project_tag":[],"_links":{"self":[{"href":"https:\/\/www.mydatr.fr\/bulgarie2019\/wp-json\/wp\/v2\/project\/456"}],"collection":[{"href":"https:\/\/www.mydatr.fr\/bulgarie2019\/wp-json\/wp\/v2\/project"}],"about":[{"href":"https:\/\/www.mydatr.fr\/bulgarie2019\/wp-json\/wp\/v2\/types\/project"}],"author":[{"embeddable":true,"href":"https:\/\/www.mydatr.fr\/bulgarie2019\/wp-json\/wp\/v2\/users\/1"}],"replies":[{"embeddable":true,"href":"https:\/\/www.mydatr.fr\/bulgarie2019\/wp-json\/wp\/v2\/comments?post=456"}],"version-history":[{"count":20,"href":"https:\/\/www.mydatr.fr\/bulgarie2019\/wp-json\/wp\/v2\/project\/456\/revisions"}],"predecessor-version":[{"id":1616,"href":"https:\/\/www.mydatr.fr\/bulgarie2019\/wp-json\/wp\/v2\/project\/456\/revisions\/1616"}],"wp:featuredmedia":[{"embeddable":true,"href":"https:\/\/www.mydatr.fr\/bulgarie2019\/wp-json\/wp\/v2\/media\/278"}],"wp:attachment":[{"href":"https:\/\/www.mydatr.fr\/bulgarie2019\/wp-json\/wp\/v2\/media?parent=456"}],"wp:term":[{"taxonomy":"project_category","embeddable":true,"href":"https:\/\/www.mydatr.fr\/bulgarie2019\/wp-json\/wp\/v2\/project_category?post=456"},{"taxonomy":"project_tag","embeddable":true,"href":"https:\/\/www.mydatr.fr\/bulgarie2019\/wp-json\/wp\/v2\/project_tag?post=456"}],"curies":[{"name":"wp","href":"https:\/\/api.w.org\/{rel}","templated":true}]}}