{"id":491,"date":"2019-03-17T10:00:41","date_gmt":"2019-03-17T10:00:41","guid":{"rendered":"http:\/\/www.mydatr.fr\/bulgarie2019\/?post_type=project&#038;p=491"},"modified":"2019-04-04T15:31:34","modified_gmt":"2019-04-04T15:31:34","slug":"6ieme-journee","status":"publish","type":"project","link":"https:\/\/www.mydatr.fr\/bulgarie2019\/project\/6ieme-journee\/","title":{"rendered":"6i\u00e8me jour"},"content":{"rendered":"<p>[et_pb_section fb_built=\u00a0\u00bb1&Prime; inner_shadow=\u00a0\u00bbon\u00a0\u00bb fullwidth=\u00a0\u00bbon\u00a0\u00bb _builder_version=\u00a0\u00bb3.0.95&Prime; custom_padding=\u00a0\u00bb0px|0px|0|0px|false|false\u00a0\u00bb][et_pb_fullwidth_header title=\u00a0\u00bbDirection Sofia!\u00a0\u00bb text_orientation=\u00a0\u00bbcenter\u00a0\u00bb scroll_down_icon_color=\u00a0\u00bb#ffffff\u00a0\u00bb scroll_down_icon_size=\u00a0\u00bb43px\u00a0\u00bb background_overlay_color=\u00a0\u00bbrgba(0,0,0,0.1)\u00a0\u00bb _builder_version=\u00a0\u00bb3.20.2&Prime; title_font=\u00a0\u00bbShadows Into Light|700|||||||\u00a0\u00bb title_text_align=\u00a0\u00bbcenter\u00a0\u00bb title_font_size=\u00a0\u00bb50px\u00a0\u00bb title_font_size_phone=\u00a0\u00bb45px\u00a0\u00bb title_font_size_last_edited=\u00a0\u00bbon|phone\u00a0\u00bb title_letter_spacing=\u00a0\u00bb7px\u00a0\u00bb title_line_height=\u00a0\u00bb1.5em\u00a0\u00bb title_text_shadow_style=\u00a0\u00bbpreset4&Prime; title_text_shadow_color=\u00a0\u00bbrgba(0,0,0,0.53)\u00a0\u00bb content_font=\u00a0\u00bb||||||||\u00a0\u00bb content_line_height=\u00a0\u00bb0.7em\u00a0\u00bb subhead_font=\u00a0\u00bb|600|||||||\u00a0\u00bb subhead_font_size=\u00a0\u00bb26px\u00a0\u00bb subhead_letter_spacing=\u00a0\u00bb2px\u00a0\u00bb subhead_text_shadow_style=\u00a0\u00bbpreset4&Prime; background_color=\u00a0\u00bbrgba(0,0,0,0.54)\u00a0\u00bb background_image=\u00a0\u00bbhttp:\/\/www.mydatr.fr\/bulgarie2019\/wp-content\/uploads\/2019\/03\/mountains-2431497_1920-1.jpg\u00a0\u00bb parallax=\u00a0\u00bbon\u00a0\u00bb parallax_method=\u00a0\u00bbon\u00a0\u00bb custom_button_one=\u00a0\u00bbon\u00a0\u00bb button_one_text_size=\u00a0\u00bb21px\u00a0\u00bb button_one_border_radius=\u00a0\u00bb30px\u00a0\u00bb button_one_font=\u00a0\u00bb||||||||\u00a0\u00bb button_one_icon=\u00a0\u00bb%%150%%\u00a0\u00bb button_one_on_hover=\u00a0\u00bboff\u00a0\u00bb box_shadow_style_button_one=\u00a0\u00bbpreset2&Prime; box_shadow_color_button_one=\u00a0\u00bb#000000&Prime; text_shadow_style=\u00a0\u00bbpreset1&Prime; button_one_bg_color_hover=\u00a0\u00bb#0d9adb\u00a0\u00bb button_one_text_size__hover_enabled=\u00a0\u00bboff\u00a0\u00bb button_two_text_size__hover_enabled=\u00a0\u00bboff\u00a0\u00bb button_one_text_color__hover_enabled=\u00a0\u00bboff\u00a0\u00bb button_two_text_color__hover_enabled=\u00a0\u00bboff\u00a0\u00bb button_one_border_width__hover_enabled=\u00a0\u00bboff\u00a0\u00bb button_two_border_width__hover_enabled=\u00a0\u00bboff\u00a0\u00bb button_one_border_color__hover_enabled=\u00a0\u00bboff\u00a0\u00bb button_two_border_color__hover_enabled=\u00a0\u00bboff\u00a0\u00bb button_one_border_radius__hover_enabled=\u00a0\u00bboff\u00a0\u00bb button_two_border_radius__hover_enabled=\u00a0\u00bboff\u00a0\u00bb button_one_letter_spacing__hover_enabled=\u00a0\u00bboff\u00a0\u00bb button_two_letter_spacing__hover_enabled=\u00a0\u00bboff\u00a0\u00bb button_one_bg_color__hover_enabled=\u00a0\u00bbon\u00a0\u00bb button_one_bg_color__hover=\u00a0\u00bb#0d9adb\u00a0\u00bb button_two_bg_color__hover_enabled=\u00a0\u00bboff\u00a0\u00bb]<\/p>\n<p>&nbsp;<\/p>\n<p><img decoding=\"async\" loading=\"lazy\" src=\"..\/..\/wp-content\/uploads\/2019\/03\/image2-1-300x300.png\" alt=\"\" class=\"wp-image-353 alignnone size-medium\" width=\"136\" height=\"136\" srcset=\"https:\/\/www.mydatr.fr\/bulgarie2019\/wp-content\/uploads\/2019\/03\/image2-1-300x300.png 300w, https:\/\/www.mydatr.fr\/bulgarie2019\/wp-content\/uploads\/2019\/03\/image2-1-150x150.png 150w, https:\/\/www.mydatr.fr\/bulgarie2019\/wp-content\/uploads\/2019\/03\/image2-1.png 762w\" sizes=\"(max-width: 136px) 100vw, 136px\" \/><\/p>\n<p>[\/et_pb_fullwidth_header][\/et_pb_section][et_pb_section fb_built=\u00a0\u00bb1&Prime; fullwidth=\u00a0\u00bbon\u00a0\u00bb _builder_version=\u00a0\u00bb3.0.95&Prime;][et_pb_fullwidth_map google_api_key=\u00a0\u00bbAIzaSyA9whQsrsldpeV4Brx395s6bLwYsTdT0oY \u00a0\u00bb address=\u00a0\u00bbSofia, Bulgarie\u00a0\u00bb zoom_level=\u00a0\u00bb7&Prime; address_lat=\u00a0\u00bb42.615810929848&Prime; address_lng=\u00a0\u00bb24.141494248562&Prime; mouse_wheel=\u00a0\u00bboff\u00a0\u00bb _builder_version=\u00a0\u00bb3.20.2&Prime;][et_pb_map_pin title=\u00a0\u00bbSofia\u00a0\u00bb pin_address=\u00a0\u00bb2290 Iskrets, Bulgarie\u00a0\u00bb pin_address_lat=\u00a0\u00bb42.9870635&Prime; pin_address_lng=\u00a0\u00bb23.2501684&Prime; _builder_version=\u00a0\u00bb3.0.95&Prime;]<\/p>\n<p>Capitale de la Bulgarie<\/p>\n<p>[\/et_pb_map_pin][\/et_pb_fullwidth_map][\/et_pb_section][et_pb_section fb_built=\u00a0\u00bb1&Prime; _builder_version=\u00a0\u00bb3.0.95&Prime; custom_padding=\u00a0\u00bb0px|0px|0px|0px\u00a0\u00bb][et_pb_row make_fullwidth=\u00a0\u00bbon\u00a0\u00bb custom_padding=\u00a0\u00bb15px|0px|15px|425px|false|false\u00a0\u00bb custom_padding_last_edited=\u00a0\u00bbon|desktop\u00a0\u00bb _builder_version=\u00a0\u00bb3.20.2&Prime;][et_pb_column type=\u00a0\u00bb4_4&Prime; _builder_version=\u00a0\u00bb3.0.95&Prime;][et_pb_text _builder_version=\u00a0\u00bb3.20.2&Prime; text_font=\u00a0\u00bbShadows Into Light|700|on|||on|||\u00a0\u00bb text_font_size=\u00a0\u00bb60px\u00a0\u00bb text_text_shadow_style=\u00a0\u00bbpreset1&Prime; text_text_shadow_color=\u00a0\u00bbrgba(0,0,0,0.42)\u00a0\u00bb header_font=\u00a0\u00bb||||||||\u00a0\u00bb header_font_size_phone=\u00a0\u00bb31px\u00a0\u00bb header_font_size_last_edited=\u00a0\u00bbon|desktop\u00a0\u00bb header_2_font=\u00a0\u00bb||||||||\u00a0\u00bb header_2_font_size=\u00a0\u00bb52px\u00a0\u00bb custom_margin=\u00a0\u00bb|||-303px\u00a0\u00bb custom_margin_last_edited=\u00a0\u00bbon|phone\u00a0\u00bb]<\/p>\n<h1><strong>R\u00e9sum\u00e9 du jour!<span style=\"font-size: small;\"><\/span><br \/> <\/strong><\/h1>\n<p>[\/et_pb_text][\/et_pb_column][\/et_pb_row][\/et_pb_section][et_pb_section fb_built=\u00a0\u00bb1&Prime; _builder_version=\u00a0\u00bb3.0.95&Prime; custom_padding=\u00a0\u00bb0|0px|0|0px|false|false\u00a0\u00bb][et_pb_row custom_padding=\u00a0\u00bb0|0px|0|0px|false|false\u00a0\u00bb _builder_version=\u00a0\u00bb3.0.95&Prime;][et_pb_column type=\u00a0\u00bb1_2&Prime; _builder_version=\u00a0\u00bb3.0.95&Prime;][et_pb_gallery gallery_ids=\u00a0\u00bb1448,1449,1478,1450,1436,1437,1438,1439,1440,1441,1442,1443,1444,1445,1446,1447,1451,1452,1453,1454,1455,1456,1457,1458,1459,1460,1461,1462&Prime; show_title_and_caption=\u00a0\u00bboff\u00a0\u00bb _builder_version=\u00a0\u00bb3.20.2&Prime; title_font=\u00a0\u00bb||||||||\u00a0\u00bb caption_font=\u00a0\u00bb||||||||\u00a0\u00bb caption_text_align=\u00a0\u00bbcenter\u00a0\u00bb caption_font_size_phone=\u00a0\u00bb10px\u00a0\u00bb caption_font_size_last_edited=\u00a0\u00bbon|phone\u00a0\u00bb caption_line_height=\u00a0\u00bb25px\u00a0\u00bb pagination_font=\u00a0\u00bb||||||||\u00a0\u00bb box_shadow_style_image=\u00a0\u00bbpreset2&Prime; custom_margin=\u00a0\u00bb100px||\u00a0\u00bb custom_margin_phone=\u00a0\u00bb16px||\u00a0\u00bb custom_margin_last_edited=\u00a0\u00bbon|phone\u00a0\u00bb animation_style=\u00a0\u00bbslide\u00a0\u00bb][\/et_pb_gallery][\/et_pb_column][et_pb_column type=\u00a0\u00bb1_2&Prime; _builder_version=\u00a0\u00bb3.0.95&Prime;][et_pb_text _builder_version=\u00a0\u00bb3.20.2&Prime; text_font=\u00a0\u00bb||||||||\u00a0\u00bb text_font_size_phone=\u00a0\u00bb17px\u00a0\u00bb text_font_size_last_edited=\u00a0\u00bbon|phone\u00a0\u00bb text_letter_spacing=\u00a0\u00bb1px\u00a0\u00bb text_line_height=\u00a0\u00bb1.4em\u00a0\u00bb header_font=\u00a0\u00bb||||||||\u00a0\u00bb animation_style=\u00a0\u00bbslide\u00a0\u00bb]<\/p>\n<p style=\"text-align: justify;\">Mercredi 03 Avril,<\/p>\n<p style=\"text-align: justify;\">Premier jour dans la capitale Sofia.<\/p>\n<p style=\"text-align: justify;\">Comment bien commencer une journ\u00e9e !!! Un super petit d\u00e9jeuner d\u00e8s 9h.<\/p>\n<p style=\"text-align: justify;\">Au menu il y avait du sucr\u00e9 (p\u00e2te \u00e0 tartiner (maison), confitures (maison) c\u00e9r\u00e9ales&#8230;) et du sal\u00e9 (\u0153ufs brouill\u00e9s, charcuterie, comcombres, tomates&#8230;)&#8230;<\/p>\n<p style=\"text-align: justify;\">un petit d\u00e9jeuner de combattant, pr\u00eat pour une journ\u00e9e charg\u00e9 en sport !<\/p>\n<p style=\"text-align: justify;\">Apr\u00e8s le petit d\u00e9jeuner un petit jeu de d\u00e9fis propos\u00e9 par Tzvete notre petite nouvelle camarade. Elle souhaite mettre \u00e0 l&rsquo;\u00e9preuve nos connaissances sur la Bulgarie et nous pousser \u00e0 rencontrer les bulgares. Au programme des d\u00e9fis, chanter l&rsquo;hymne bulgare, une comptine en bulgare, prendre des photos avec des personnes ou des objets et sur des lieux biens pr\u00e9cis (notre sens de l&rsquo;orientation \u00e0 \u00e9t\u00e9 mis \u00e0 rude \u00e9preuve).<\/p>\n<p style=\"text-align: justify;\">Il y avait tout sortes de d\u00e9fis mais les photos nous ont particuli\u00e8rement plu. Nous pouvions m\u00eame obtenir des points bonus pour les meilleures photos de reproduction de position des statues du Parc du th\u00e9\u00e2tre national.<\/p>\n<p style=\"text-align: justify;\">Durant le jeu nous avons eu la chance pour certains de voir la c\u00e9r\u00e9monie de b\u00e9n\u00e9dictions des drapeaux des \u00e9coles de Sofia, c&rsquo;est une c\u00e9r\u00e9monie importante pour les \u00e9coles. De nombreux enfants \u00e9taient l\u00e0, des personnalit\u00e9s locales ainsi que les gardes pr\u00e9sidentiels qui font la rel\u00e8ve devant le palais.<\/p>\n<p style=\"text-align: justify;\">\n<p>&nbsp;<\/p>\n<p>[\/et_pb_text][\/et_pb_column][\/et_pb_row][\/et_pb_section][et_pb_section fb_built=\u00a0\u00bb1&Prime; _builder_version=\u00a0\u00bb3.0.95&Prime; custom_padding=\u00a0\u00bb0|0px|36px|0px|false|false\u00a0\u00bb][et_pb_row custom_padding=\u00a0\u00bb0|0px|0|0px|false|false\u00a0\u00bb _builder_version=\u00a0\u00bb3.0.95&Prime;][et_pb_column type=\u00a0\u00bb1_2&Prime; _builder_version=\u00a0\u00bb3.0.95&Prime;][et_pb_text _builder_version=\u00a0\u00bb3.20.2&Prime; text_font=\u00a0\u00bb||||||||\u00a0\u00bb text_font_size_phone=\u00a0\u00bb17px\u00a0\u00bb text_font_size_last_edited=\u00a0\u00bbon|phone\u00a0\u00bb text_letter_spacing=\u00a0\u00bb1px\u00a0\u00bb text_line_height=\u00a0\u00bb1.4em\u00a0\u00bb header_font=\u00a0\u00bb||||||||\u00a0\u00bb animation_style=\u00a0\u00bbslide\u00a0\u00bb]<\/p>\n<p style=\"text-align: justify;\">Les d\u00e9fis \u00e9tant nombreux un temps suppl\u00e9mentaire va nous \u00eatre accord\u00e9 afin de d\u00e9signer la meilleur \u00e9quipe.<\/p>\n<p style=\"text-align: justify;\">Pour finir nous avons eu rendez-vous pour la fin du jeu, au Palais Pr\u00e9sidentiel o\u00f9 nous avons vu des gardes bulgares faire la rel\u00e8ve comme Bukhimgham palace \u00e0 12h00 (mais en moins impressionnant&#8230;)<br \/> .<br \/> Ensuite nous avons pris le tramway puis le bus pour aller voir le Lac Pancharevo qui se trouve \u00e0 45 min (normalement du centre ville&#8230; mais ce fut un peu plus long&#8230; les bus ont de tr\u00e8s nombreux arr\u00eats).<\/p>\n<p style=\"text-align: justify;\">Le Lac de Pancharevo, est un lac artificiel aux abords de la ville. Il \u00e0 \u00e9tait cr\u00e9e au d\u00e9part pour assurer une r\u00e9serve d&rsquo;eau \u00e0 la ville de Sofia. Il a \u00e9t\u00e9 utilis\u00e9 comme base pour l&rsquo;aviron dans certaines comp\u00e9titions nationales et internationales.<\/p>\n<p style=\"text-align: justify;\">Nous avons fait une balade autour du lac c&rsquo;est un endroit calme et apaisant qui nous a permis de discuter et de prendre un bol d&rsquo;air frais. Puis nous avons profit\u00e9 pour les volontaires d&rsquo;une piscine d&rsquo;eau de sources. Les piscines de sources d&rsquo;eau chaude sont une tradition bulgare tr\u00e8s r\u00e9pandues.Saviez-vous que la Bulgarie se place en deuxi\u00e8me position en Europe apr\u00e8s l\u2019Islande pour le nombre de ses sources thermales\u00a0? Ils en existent de nombreuses mais elles sont souvent dans les montagnes loin de Sofia.<\/p>\n<p style=\"text-align: justify;\">Nous nous sommes rendus \u00e0 celle du lac Pancharevo sur la rivi\u00e8re Iskar, car c&rsquo;est la plus proche et la plus accessible pour nous. Le complexe touristique Korali \u00ab\u00a0Coraux\u00a0\u00bb, dispose d\u2019une petite et d\u2019une grande piscine avec de l\u2019eau min\u00e9rale chaude, une grotte et des piscines froides. L\u2019eau min\u00e9rale de la source est d\u2019une temp\u00e9rature de 47\u00b0C, celle de la piscine s\u2019\u00e9levant \u00e0 30\u00b0C.<\/p>\n<p style=\"text-align: justify;\">L\u2019eau de cette source est bonne pour le syst\u00e8me nerveux, les bains de contraste (eau chaude \u2013 eau froide) renfor\u00e7ant pour leur part la circulation du sang et l\u2019immunit\u00e9.<\/p>\n<p style=\"text-align: justify;\">Pour finir cette journ\u00e9e nous sommes all\u00e9s au restaurant Avrasia un restaurant turc o\u00f9 nous avons bien mang\u00e9s, des kebabs en assiettes et d&rsquo;autres sp\u00e9cialit\u00e9s des balkans. Encore une fois nous nous sommes r\u00e9gal\u00e9s et nous sommes repartis le ventre plein&#8230; comme tout le long de notre s\u00e9jour en Bulgarie.\u00a0Ne vous inqui\u00e9tez pas nous n&rsquo;avons pris en moyenne que 1 kilo&#8230; par jour \ud83d\ude09<\/p>\n<p style=\"text-align: justify;\">Demain encore des rencontres et de nombreuses visites. Plus que 2 jours mais ils vont \u00eatre intenses !!<\/p>\n<p style=\"text-align: justify;\">Bonne journ\u00e9e<\/p>\n<p>[\/et_pb_text][\/et_pb_column][et_pb_column type=\u00a0\u00bb1_2&Prime; _builder_version=\u00a0\u00bb3.0.95&Prime;][et_pb_gallery gallery_ids=\u00a0\u00bb1474,1463,1475,1483,1464,1465,1466,1467,1468,1469,1470,1471,1472,1473,1476,1477,1479,1480,1481,1482,1484,1485,1486,1487,1488,1489,1490,1491,1492,1493,1494,1495&Prime; show_title_and_caption=\u00a0\u00bboff\u00a0\u00bb _builder_version=\u00a0\u00bb3.20.2&Prime; title_font=\u00a0\u00bb||||||||\u00a0\u00bb caption_font=\u00a0\u00bb||||||||\u00a0\u00bb caption_text_align=\u00a0\u00bbcenter\u00a0\u00bb caption_font_size_phone=\u00a0\u00bb10px\u00a0\u00bb caption_font_size_last_edited=\u00a0\u00bbon|phone\u00a0\u00bb caption_line_height=\u00a0\u00bb25px\u00a0\u00bb pagination_font=\u00a0\u00bb||||||||\u00a0\u00bb box_shadow_style_image=\u00a0\u00bbpreset2&Prime; custom_margin=\u00a0\u00bb223px||\u00a0\u00bb custom_margin_phone=\u00a0\u00bb16px||\u00a0\u00bb custom_margin_last_edited=\u00a0\u00bbon|phone\u00a0\u00bb animation_style=\u00a0\u00bbslide\u00a0\u00bb][\/et_pb_gallery][\/et_pb_column][\/et_pb_row][\/et_pb_section][et_pb_section fb_built=\u00a0\u00bb1&Prime; _builder_version=\u00a0\u00bb3.0.95&Prime; background_color=\u00a0\u00bb#408fdd\u00a0\u00bb custom_padding=\u00a0\u00bb0|0px|10px|0px|false|false\u00a0\u00bb][et_pb_row custom_padding=\u00a0\u00bb33px|0px|27px|0px\u00a0\u00bb _builder_version=\u00a0\u00bb3.0.47&Prime; background_size=\u00a0\u00bbinitial\u00a0\u00bb background_position=\u00a0\u00bbtop_left\u00a0\u00bb background_repeat=\u00a0\u00bbrepeat\u00a0\u00bb][et_pb_column type=\u00a0\u00bb4_4&Prime; _builder_version=\u00a0\u00bb3.0.47&Prime;][et_pb_cta title=\u00a0\u00bbFacebook\u00a0\u00bb button_url=\u00a0\u00bbhttps:\/\/www.facebook.com\/mydatr.fr\u00a0\u00bb button_text=\u00a0\u00bbNous rejoindre\u00a0\u00bb admin_label=\u00a0\u00bbCall To Action\u00a0\u00bb _builder_version=\u00a0\u00bb3.20.2&Prime; header_level=\u00a0\u00bbh1&Prime; header_font=\u00a0\u00bb||||||||\u00a0\u00bb header_font_size=\u00a0\u00bb52px\u00a0\u00bb header_font_size_phone=\u00a0\u00bb45px\u00a0\u00bb header_font_size_last_edited=\u00a0\u00bbon|phone\u00a0\u00bb body_font=\u00a0\u00bb||||||||\u00a0\u00bb body_font_size_phone=\u00a0\u00bb22px\u00a0\u00bb body_font_size_last_edited=\u00a0\u00bbon|phone\u00a0\u00bb use_background_color=\u00a0\u00bboff\u00a0\u00bb background_size=\u00a0\u00bbinitial\u00a0\u00bb background_position=\u00a0\u00bbtop_left\u00a0\u00bb background_repeat=\u00a0\u00bbrepeat\u00a0\u00bb custom_button=\u00a0\u00bbon\u00a0\u00bb button_border_radius=\u00a0\u00bb30px\u00a0\u00bb button_font=\u00a0\u00bb||||||||\u00a0\u00bb button_icon=\u00a0\u00bb%%291%%\u00a0\u00bb button_icon_color=\u00a0\u00bb#ffffff\u00a0\u00bb button_on_hover=\u00a0\u00bboff\u00a0\u00bb button_text_shadow_style=\u00a0\u00bbpreset1&Prime; box_shadow_style_button=\u00a0\u00bbpreset1&Prime; link_option_url_new_window=\u00a0\u00bbon\u00a0\u00bb button_text_size__hover_enabled=\u00a0\u00bboff\u00a0\u00bb button_one_text_size__hover_enabled=\u00a0\u00bboff\u00a0\u00bb button_two_text_size__hover_enabled=\u00a0\u00bboff\u00a0\u00bb button_text_color__hover_enabled=\u00a0\u00bboff\u00a0\u00bb button_one_text_color__hover_enabled=\u00a0\u00bboff\u00a0\u00bb button_two_text_color__hover_enabled=\u00a0\u00bboff\u00a0\u00bb button_border_width__hover_enabled=\u00a0\u00bboff\u00a0\u00bb button_one_border_width__hover_enabled=\u00a0\u00bboff\u00a0\u00bb button_two_border_width__hover_enabled=\u00a0\u00bboff\u00a0\u00bb button_border_color__hover_enabled=\u00a0\u00bboff\u00a0\u00bb button_one_border_color__hover_enabled=\u00a0\u00bboff\u00a0\u00bb button_two_border_color__hover_enabled=\u00a0\u00bboff\u00a0\u00bb button_border_radius__hover_enabled=\u00a0\u00bboff\u00a0\u00bb button_one_border_radius__hover_enabled=\u00a0\u00bboff\u00a0\u00bb button_two_border_radius__hover_enabled=\u00a0\u00bboff\u00a0\u00bb button_letter_spacing__hover_enabled=\u00a0\u00bboff\u00a0\u00bb button_one_letter_spacing__hover_enabled=\u00a0\u00bboff\u00a0\u00bb button_two_letter_spacing__hover_enabled=\u00a0\u00bboff\u00a0\u00bb button_bg_color__hover_enabled=\u00a0\u00bboff\u00a0\u00bb button_one_bg_color__hover_enabled=\u00a0\u00bboff\u00a0\u00bb button_two_bg_color__hover_enabled=\u00a0\u00bboff\u00a0\u00bb]<\/p>\n<p>N&rsquo;h\u00e9sitez pas \u00e0 nous suivre!<\/p>\n<p>[\/et_pb_cta][\/et_pb_column][\/et_pb_row][\/et_pb_section]<\/p>\n","protected":false},"excerpt":{"rendered":"<p>[et_pb_section fb_built=\u00a0\u00bb1&Prime; inner_shadow=\u00a0\u00bbon\u00a0\u00bb fullwidth=\u00a0\u00bbon\u00a0\u00bb _builder_version=\u00a0\u00bb3.0.95&Prime; custom_padding=\u00a0\u00bb0px|0px|0|0px|false|false\u00a0\u00bb][et_pb_fullwidth_header title=\u00a0\u00bbDirection Sofia!\u00a0\u00bb text_orientation=\u00a0\u00bbcenter\u00a0\u00bb scroll_down_icon_color=\u00a0\u00bb#ffffff\u00a0\u00bb scroll_down_icon_size=\u00a0\u00bb43px\u00a0\u00bb background_overlay_color=\u00a0\u00bbrgba(0,0,0,0.1)\u00a0\u00bb _builder_version=\u00a0\u00bb3.20.2&Prime; title_font=\u00a0\u00bbShadows Into Light|700|||||||\u00a0\u00bb title_text_align=\u00a0\u00bbcenter\u00a0\u00bb title_font_size=\u00a0\u00bb50px\u00a0\u00bb title_font_size_phone=\u00a0\u00bb45px\u00a0\u00bb title_font_size_last_edited=\u00a0\u00bbon|phone\u00a0\u00bb title_letter_spacing=\u00a0\u00bb7px\u00a0\u00bb title_line_height=\u00a0\u00bb1.5em\u00a0\u00bb title_text_shadow_style=\u00a0\u00bbpreset4&Prime; title_text_shadow_color=\u00a0\u00bbrgba(0,0,0,0.53)\u00a0\u00bb content_font=\u00a0\u00bb||||||||\u00a0\u00bb content_line_height=\u00a0\u00bb0.7em\u00a0\u00bb subhead_font=\u00a0\u00bb|600|||||||\u00a0\u00bb subhead_font_size=\u00a0\u00bb26px\u00a0\u00bb subhead_letter_spacing=\u00a0\u00bb2px\u00a0\u00bb subhead_text_shadow_style=\u00a0\u00bbpreset4&Prime; background_color=\u00a0\u00bbrgba(0,0,0,0.54)\u00a0\u00bb background_image=\u00a0\u00bbhttp:\/\/www.mydatr.fr\/bulgarie2019\/wp-content\/uploads\/2019\/03\/mountains-2431497_1920-1.jpg\u00a0\u00bb parallax=\u00a0\u00bbon\u00a0\u00bb parallax_method=\u00a0\u00bbon\u00a0\u00bb custom_button_one=\u00a0\u00bbon\u00a0\u00bb button_one_text_size=\u00a0\u00bb21px\u00a0\u00bb button_one_border_radius=\u00a0\u00bb30px\u00a0\u00bb button_one_font=\u00a0\u00bb||||||||\u00a0\u00bb button_one_icon=\u00a0\u00bb%%150%%\u00a0\u00bb button_one_on_hover=\u00a0\u00bboff\u00a0\u00bb box_shadow_style_button_one=\u00a0\u00bbpreset2&Prime; box_shadow_color_button_one=\u00a0\u00bb#000000&Prime; text_shadow_style=\u00a0\u00bbpreset1&Prime; button_one_bg_color_hover=\u00a0\u00bb#0d9adb\u00a0\u00bb button_one_text_size__hover_enabled=\u00a0\u00bboff\u00a0\u00bb button_two_text_size__hover_enabled=\u00a0\u00bboff\u00a0\u00bb button_one_text_color__hover_enabled=\u00a0\u00bboff\u00a0\u00bb button_two_text_color__hover_enabled=\u00a0\u00bboff\u00a0\u00bb button_one_border_width__hover_enabled=\u00a0\u00bboff\u00a0\u00bb button_two_border_width__hover_enabled=\u00a0\u00bboff\u00a0\u00bb button_one_border_color__hover_enabled=\u00a0\u00bboff\u00a0\u00bb button_two_border_color__hover_enabled=\u00a0\u00bboff\u00a0\u00bb button_one_border_radius__hover_enabled=\u00a0\u00bboff\u00a0\u00bb button_two_border_radius__hover_enabled=\u00a0\u00bboff\u00a0\u00bb button_one_letter_spacing__hover_enabled=\u00a0\u00bboff\u00a0\u00bb [&hellip;]<\/p>\n","protected":false},"author":1,"featured_media":72,"comment_status":"open","ping_status":"closed","template":"","meta":{"ngg_post_thumbnail":0,"_et_pb_use_builder":"on","_et_pb_old_content":""},"project_category":[10],"project_tag":[],"_links":{"self":[{"href":"https:\/\/www.mydatr.fr\/bulgarie2019\/wp-json\/wp\/v2\/project\/491"}],"collection":[{"href":"https:\/\/www.mydatr.fr\/bulgarie2019\/wp-json\/wp\/v2\/project"}],"about":[{"href":"https:\/\/www.mydatr.fr\/bulgarie2019\/wp-json\/wp\/v2\/types\/project"}],"author":[{"embeddable":true,"href":"https:\/\/www.mydatr.fr\/bulgarie2019\/wp-json\/wp\/v2\/users\/1"}],"replies":[{"embeddable":true,"href":"https:\/\/www.mydatr.fr\/bulgarie2019\/wp-json\/wp\/v2\/comments?post=491"}],"version-history":[{"count":15,"href":"https:\/\/www.mydatr.fr\/bulgarie2019\/wp-json\/wp\/v2\/project\/491\/revisions"}],"predecessor-version":[{"id":1513,"href":"https:\/\/www.mydatr.fr\/bulgarie2019\/wp-json\/wp\/v2\/project\/491\/revisions\/1513"}],"wp:featuredmedia":[{"embeddable":true,"href":"https:\/\/www.mydatr.fr\/bulgarie2019\/wp-json\/wp\/v2\/media\/72"}],"wp:attachment":[{"href":"https:\/\/www.mydatr.fr\/bulgarie2019\/wp-json\/wp\/v2\/media?parent=491"}],"wp:term":[{"taxonomy":"project_category","embeddable":true,"href":"https:\/\/www.mydatr.fr\/bulgarie2019\/wp-json\/wp\/v2\/project_category?post=491"},{"taxonomy":"project_tag","embeddable":true,"href":"https:\/\/www.mydatr.fr\/bulgarie2019\/wp-json\/wp\/v2\/project_tag?post=491"}],"curies":[{"name":"wp","href":"https:\/\/api.w.org\/{rel}","templated":true}]}}