{"id":495,"date":"2019-03-17T10:06:37","date_gmt":"2019-03-17T10:06:37","guid":{"rendered":"http:\/\/www.mydatr.fr\/bulgarie2019\/?post_type=project&#038;p=495"},"modified":"2019-04-03T09:20:45","modified_gmt":"2019-04-03T09:20:45","slug":"5ieme-jour","status":"publish","type":"project","link":"https:\/\/www.mydatr.fr\/bulgarie2019\/project\/5ieme-jour\/","title":{"rendered":"5i\u00e8me jour"},"content":{"rendered":"\n[et_pb_section fb_built=\u00a0\u00bb1&Prime; inner_shadow=\u00a0\u00bbon\u00a0\u00bb fullwidth=\u00a0\u00bbon\u00a0\u00bb _builder_version=\u00a0\u00bb3.0.95&Prime; custom_padding=\u00a0\u00bb0px|0px|0|0px|false|false\u00a0\u00bb][et_pb_fullwidth_header title=\u00a0\u00bbDirection Plovdiv!\u00a0\u00bb text_orientation=\u00a0\u00bbcenter\u00a0\u00bb scroll_down_icon_color=\u00a0\u00bb#ffffff\u00a0\u00bb scroll_down_icon_size=\u00a0\u00bb43px\u00a0\u00bb background_overlay_color=\u00a0\u00bbrgba(0,0,0,0.1)\u00a0\u00bb _builder_version=\u00a0\u00bb3.20.2&Prime; title_font=\u00a0\u00bbShadows Into Light|700|||||||\u00a0\u00bb title_text_align=\u00a0\u00bbcenter\u00a0\u00bb title_font_size=\u00a0\u00bb50px\u00a0\u00bb title_font_size_phone=\u00a0\u00bb45px\u00a0\u00bb title_font_size_last_edited=\u00a0\u00bbon|phone\u00a0\u00bb title_letter_spacing=\u00a0\u00bb7px\u00a0\u00bb title_line_height=\u00a0\u00bb1.5em\u00a0\u00bb title_text_shadow_style=\u00a0\u00bbpreset4&Prime; title_text_shadow_color=\u00a0\u00bbrgba(0,0,0,0.53)\u00a0\u00bb content_font=\u00a0\u00bb||||||||\u00a0\u00bb content_line_height=\u00a0\u00bb0.7em\u00a0\u00bb subhead_font=\u00a0\u00bb|600|||||||\u00a0\u00bb subhead_font_size=\u00a0\u00bb26px\u00a0\u00bb subhead_letter_spacing=\u00a0\u00bb2px\u00a0\u00bb subhead_text_shadow_style=\u00a0\u00bbpreset4&Prime; background_color=\u00a0\u00bbrgba(0,0,0,0.54)\u00a0\u00bb background_image=\u00a0\u00bbhttp:\/\/www.mydatr.fr\/bulgarie2019\/wp-content\/uploads\/2019\/03\/mountains-2431497_1920-1.jpg\u00a0\u00bb parallax=\u00a0\u00bbon\u00a0\u00bb parallax_method=\u00a0\u00bbon\u00a0\u00bb custom_button_one=\u00a0\u00bbon\u00a0\u00bb button_one_text_size=\u00a0\u00bb21px\u00a0\u00bb button_one_border_radius=\u00a0\u00bb30px\u00a0\u00bb button_one_font=\u00a0\u00bb||||||||\u00a0\u00bb button_one_icon=\u00a0\u00bb%%150%%\u00a0\u00bb button_one_on_hover=\u00a0\u00bboff\u00a0\u00bb box_shadow_style_button_one=\u00a0\u00bbpreset2&Prime; box_shadow_color_button_one=\u00a0\u00bb#000000&Prime; text_shadow_style=\u00a0\u00bbpreset1&Prime; button_one_bg_color_hover=\u00a0\u00bb#0d9adb\u00a0\u00bb button_one_text_size__hover_enabled=\u00a0\u00bboff\u00a0\u00bb button_two_text_size__hover_enabled=\u00a0\u00bboff\u00a0\u00bb button_one_text_color__hover_enabled=\u00a0\u00bboff\u00a0\u00bb button_two_text_color__hover_enabled=\u00a0\u00bboff\u00a0\u00bb button_one_border_width__hover_enabled=\u00a0\u00bboff\u00a0\u00bb button_two_border_width__hover_enabled=\u00a0\u00bboff\u00a0\u00bb button_one_border_color__hover_enabled=\u00a0\u00bboff\u00a0\u00bb button_two_border_color__hover_enabled=\u00a0\u00bboff\u00a0\u00bb button_one_border_radius__hover_enabled=\u00a0\u00bboff\u00a0\u00bb button_two_border_radius__hover_enabled=\u00a0\u00bboff\u00a0\u00bb button_one_letter_spacing__hover_enabled=\u00a0\u00bboff\u00a0\u00bb button_two_letter_spacing__hover_enabled=\u00a0\u00bboff\u00a0\u00bb button_one_bg_color__hover_enabled=\u00a0\u00bbon\u00a0\u00bb button_one_bg_color__hover=\u00a0\u00bb#0d9adb\u00a0\u00bb button_two_bg_color__hover_enabled=\u00a0\u00bboff\u00a0\u00bb]<p>&nbsp;<\/p>\n<p><img decoding=\"async\" loading=\"lazy\" src=\"..\/..\/wp-content\/uploads\/2019\/03\/image2-1-300x300.png\" alt=\"\" class=\"wp-image-353 alignnone size-medium\" width=\"136\" height=\"136\" srcset=\"https:\/\/www.mydatr.fr\/bulgarie2019\/wp-content\/uploads\/2019\/03\/image2-1-300x300.png 300w, https:\/\/www.mydatr.fr\/bulgarie2019\/wp-content\/uploads\/2019\/03\/image2-1-150x150.png 150w, https:\/\/www.mydatr.fr\/bulgarie2019\/wp-content\/uploads\/2019\/03\/image2-1.png 762w\" sizes=\"(max-width: 136px) 100vw, 136px\" \/><\/p>[\/et_pb_fullwidth_header][\/et_pb_section][et_pb_section fb_built=\u00a0\u00bb1&Prime; fullwidth=\u00a0\u00bbon\u00a0\u00bb _builder_version=\u00a0\u00bb3.0.95&Prime; custom_padding=\u00a0\u00bb0|0px|20px|0px|false|false\u00a0\u00bb][et_pb_fullwidth_map google_api_key=\u00a0\u00bbAIzaSyA9whQsrsldpeV4Brx395s6bLwYsTdT0oY \u00a0\u00bb address=\u00a0\u00bbSofia, Bulgarie\u00a0\u00bb zoom_level=\u00a0\u00bb7&Prime; address_lat=\u00a0\u00bb42.615810929848&Prime; address_lng=\u00a0\u00bb24.141494248562&Prime; mouse_wheel=\u00a0\u00bboff\u00a0\u00bb _builder_version=\u00a0\u00bb3.20.2&Prime;][et_pb_map_pin title=\u00a0\u00bbPlovdiv\u00a0\u00bb pin_address=\u00a0\u00bbPlovdiv, Bulgarie\u00a0\u00bb pin_address_lat=\u00a0\u00bb42.1354079&Prime; pin_address_lng=\u00a0\u00bb24.7452904&Prime; _builder_version=\u00a0\u00bb3.0.95&Prime;]<p>Plovdiv<\/p>[\/et_pb_map_pin][\/et_pb_fullwidth_map][\/et_pb_section][et_pb_section fb_built=\u00a0\u00bb1&Prime; _builder_version=\u00a0\u00bb3.0.95&Prime; custom_padding=\u00a0\u00bb0px|0px|0px|0px\u00a0\u00bb][et_pb_row make_fullwidth=\u00a0\u00bbon\u00a0\u00bb custom_padding=\u00a0\u00bb15px|0px|28px|425px|false|false\u00a0\u00bb custom_padding_last_edited=\u00a0\u00bbon|desktop\u00a0\u00bb _builder_version=\u00a0\u00bb3.20.2&Prime;][et_pb_column type=\u00a0\u00bb4_4&Prime; _builder_version=\u00a0\u00bb3.0.95&Prime;][et_pb_text _builder_version=\u00a0\u00bb3.20.2&Prime; text_font=\u00a0\u00bbShadows Into Light|700|on|||on|||\u00a0\u00bb text_font_size=\u00a0\u00bb60px\u00a0\u00bb text_text_shadow_style=\u00a0\u00bbpreset1&Prime; text_text_shadow_color=\u00a0\u00bbrgba(0,0,0,0.42)\u00a0\u00bb header_font=\u00a0\u00bb||||||||\u00a0\u00bb header_font_size_phone=\u00a0\u00bb31px\u00a0\u00bb header_font_size_last_edited=\u00a0\u00bbon|desktop\u00a0\u00bb header_2_font=\u00a0\u00bb||||||||\u00a0\u00bb header_2_font_size=\u00a0\u00bb52px\u00a0\u00bb custom_margin=\u00a0\u00bb|||-303px\u00a0\u00bb custom_margin_last_edited=\u00a0\u00bbon|phone\u00a0\u00bb]<h1><strong>R\u00e9sum\u00e9 du jour!<span style=\"font-size: small;\"><\/span><br \/> <\/strong><\/h1>[\/et_pb_text][\/et_pb_column][\/et_pb_row][\/et_pb_section][et_pb_section fb_built=\u00a0\u00bb1&Prime; _builder_version=\u00a0\u00bb3.0.95&Prime; custom_padding=\u00a0\u00bb0|0px|0|0px|false|false\u00a0\u00bb][et_pb_row custom_padding=\u00a0\u00bb0|0px|0|0px|false|false\u00a0\u00bb _builder_version=\u00a0\u00bb3.0.95&Prime;][et_pb_column type=\u00a0\u00bb1_2&Prime; _builder_version=\u00a0\u00bb3.0.95&Prime;][et_pb_gallery gallery_ids=\u00a0\u00bb1388,1389,1399,1401,1400,1383,1384,1386,1387,1390,1391,1392,1393,1394,1395,1396,1397,1398,1402,1403&Prime; show_title_and_caption=\u00a0\u00bboff\u00a0\u00bb _builder_version=\u00a0\u00bb3.20.2&Prime; title_font=\u00a0\u00bb||||||||\u00a0\u00bb caption_font=\u00a0\u00bb||||||||\u00a0\u00bb caption_text_align=\u00a0\u00bbcenter\u00a0\u00bb caption_font_size_phone=\u00a0\u00bb10px\u00a0\u00bb caption_font_size_last_edited=\u00a0\u00bbon|phone\u00a0\u00bb caption_line_height=\u00a0\u00bb25px\u00a0\u00bb pagination_font=\u00a0\u00bb||||||||\u00a0\u00bb box_shadow_style_image=\u00a0\u00bbpreset2&Prime; custom_margin=\u00a0\u00bb115px||\u00a0\u00bb custom_margin_phone=\u00a0\u00bb16px||\u00a0\u00bb custom_margin_last_edited=\u00a0\u00bbon|phone\u00a0\u00bb animation_style=\u00a0\u00bbslide\u00a0\u00bb][\/et_pb_gallery][\/et_pb_column][et_pb_column type=\u00a0\u00bb1_2&Prime; _builder_version=\u00a0\u00bb3.0.95&Prime;][et_pb_text _builder_version=\u00a0\u00bb3.20.2&Prime; text_font=\u00a0\u00bb||||||||\u00a0\u00bb text_font_size_phone=\u00a0\u00bb17px\u00a0\u00bb text_font_size_last_edited=\u00a0\u00bbon|phone\u00a0\u00bb text_letter_spacing=\u00a0\u00bb1px\u00a0\u00bb text_line_height=\u00a0\u00bb1.4em\u00a0\u00bb header_font=\u00a0\u00bb||||||||\u00a0\u00bb animation_style=\u00a0\u00bbslide\u00a0\u00bb]<p style=\"text-align: justify;\">Mardi 02 Avril,<\/p>\n<p style=\"text-align: justify;\">En cette journ\u00e9e, fini les poissons d&rsquo;avril. Apr\u00e8s un r\u00e9veil difficile \u00e0 l&rsquo;auberge (la fatigue commence \u00e0 se faire sentir et le s\u00e9jour est intense en activit\u00e9s) nous nous pr\u00e9parons tous \u00e0 rencontrer les \u00e9l\u00e8ves de l&rsquo;Universit\u00e9 d&rsquo;agro-business de Plovdiv.<\/p>\n<p style=\"text-align: justify;\">Aujourd&rsquo;hui nous allons pr\u00e9senter \u00e0 l&rsquo;administration et aux \u00e9l\u00e8ves bulgare notre r\u00e9gion, notre formation, et nos activit\u00e9s au sein du BTS.<\/p>\n<p style=\"text-align: justify;\">Dans un premier temps le Doyen de la facult\u00e9 nous \u00e0 fait une pr\u00e9sentation historique de l&rsquo;universit\u00e9, il nous \u00e0 notamment parl\u00e9 du communisme et de ses impacts sur la ruralit\u00e9 en Bulgarie. Puis Miglena Kazashka charg\u00e9e de mission coop\u00e9ration internationale au sein de l&rsquo;universit\u00e9, nous a pr\u00e9sent\u00e9 les diff\u00e9rentes formations bachelor et master.<\/p>\n<p style=\"text-align: justify;\">Enfin la vice-recteur Mariana Ivanova plus particuli\u00e8rement en charge des programmes de coop\u00e9ration internationale est intervenue sur la pr\u00e9sentation des programmes europ\u00e9ens r\u00e9alis\u00e9s au sein de l&rsquo;universit\u00e9.<\/p>\n<p style=\"text-align: justify;\">Pour finir nous avons par petits groupes fait notre pr\u00e9sentation. Lors de celles-ci tout s&rsquo;est bien pass\u00e9, quasiment tout le monde a pris la parole en anglais !! (Et oui) et tout le monde a \u00e9t\u00e9 force de propositions. (NDLR : Nous sommes tr\u00e8s fiers de leurs pr\u00e9sentations. Sign\u00e9 les profs !!)<\/p>\n<p style=\"text-align: justify;\">Ce fut une \u00e9preuve pour la plupart d&rsquo;entre nous et pour ajouter au stress&#8230;l&rsquo;ensemble des \u00e9changes \u00e0 \u00e9t\u00e9 film\u00e9 par la chaine TV de l&rsquo;universit\u00e9&#8230; vous d\u00e9couvrirez prochainement un documentaire sur cette super rencontre.<\/p>\n<p style=\"text-align: justify;\"><\/p>\n<p style=\"text-align: justify;\"><\/p>\n<p style=\"text-align: justify;\"><\/p>\n<p style=\"text-align: justify;\"><\/p>[\/et_pb_text][\/et_pb_column][\/et_pb_row][\/et_pb_section][et_pb_section fb_built=\u00a0\u00bb1&Prime; _builder_version=\u00a0\u00bb3.0.95&Prime; custom_padding=\u00a0\u00bb0|0px|36px|0px|false|false\u00a0\u00bb][et_pb_row custom_padding=\u00a0\u00bb0|0px|0|0px|false|false\u00a0\u00bb _builder_version=\u00a0\u00bb3.0.95&Prime;][et_pb_column type=\u00a0\u00bb1_2&Prime; _builder_version=\u00a0\u00bb3.0.95&Prime;][et_pb_text _builder_version=\u00a0\u00bb3.20.2&Prime; text_font=\u00a0\u00bb||||||||\u00a0\u00bb text_font_size_phone=\u00a0\u00bb17px\u00a0\u00bb text_font_size_last_edited=\u00a0\u00bbon|phone\u00a0\u00bb text_letter_spacing=\u00a0\u00bb1px\u00a0\u00bb text_line_height=\u00a0\u00bb1.4em\u00a0\u00bb header_font=\u00a0\u00bb||||||||\u00a0\u00bb animation_style=\u00a0\u00bbslide\u00a0\u00bb]<p style=\"text-align: justify;\">Apr\u00e8s avoir \u00e9cout\u00e9 et fait les pr\u00e9sentations il est apparu clairement que nos formations \u00e9taient tr\u00e8s proches et que nous avions beaucoup \u00e0 partager. Peut-\u00eatre, des perspectives de projets entre les 2 formations pour les prochaines ann\u00e9es.<\/p>\n<p style=\"text-align: justify;\">Apr\u00e8s qu&rsquo;ils nous aient chaleureusement invit\u00e9 \u00e0 revenir et \u00e0 travailler avec eux, nous avons quitt\u00e9 l&rsquo;\u00e9tablissement, pour finir notre aventure plovdivienne.<\/p>\n<p style=\"text-align: justify;\">Pour le repas de midi gestion libre avec un budget par groupe (et oui l&rsquo;autonomie passe aussi par la gestion alimentaire ;-)) avec un dernier quartier libre. Puis nous sommes retourn\u00e9s \u00e0 l&rsquo;auberge de Plovdiv chercher nos bagages et nous avons pris le bus de ville avec un peu de difficult\u00e9s pour rentrer avec nos valises (c&rsquo;est que nous sommes nombreux et charg\u00e9s tout de m\u00eame&#8230;)<\/p>\n<p style=\"text-align: justify;\">Ensuite, nous avons pris le car pour nous rendre \u00e0 Sofia puis le tram entre la station de bus et l&rsquo;auberge. Le voyage a dur\u00e9 environ 3 heures, nous avons bien profit\u00e9 du car pour nous reposer !! Une bonne sieste. Nous nous sommes install\u00e9s \u00e0 l&rsquo;auberge \u00ab\u00a0Hostel Monstel\u00a0\u00bb \u00e0 Sofia vers 18h30.<\/p>\n<p style=\"text-align: justify;\">A 20h15 nous sommes partis manger au restaurant. Un restaurant Serbe, un pays tr\u00e8s proche de la Bulgarie et surtout de Sofia \u00e0 peine 400 kilom\u00e8tres. Donc c&rsquo;est partie pour de nouvelles d\u00e9couvertes. Nous avons choisi ce soir de partag\u00e9 tous les plats !! En entr\u00e9e nous avons mang\u00e9s un assortiment de salades serbes \u00e0 base de fromages frais, de tomates, de poivrons, &#8230; avec de bons pains pita. Puis en plats principaux des grillades de poulet, de poissons (frais du jour !!) \u00a0et du porc. Tout \u00e9tait d\u00e9licieux. Miam<\/p>\n<p style=\"text-align: justify;\">Apr\u00e8s le repas, petite s\u00e9ance de danse de Abal et Sailane, toujours l\u00e0 pour mettre l&rsquo;ambiance ;-).\u00a0 Vers 22h30, retour \u00e0 l&rsquo;auberge pour nous rafra\u00eechir et nous reposer afin d&rsquo;\u00eatre en forme pour passer notre premi\u00e8re journ\u00e9e \u00e0 Sofia demain.<\/p>\n<p style=\"text-align: justify;\"><\/p>\n<p style=\"text-align: justify;\">Bonne nuit.<\/p>[\/et_pb_text][\/et_pb_column][et_pb_column type=\u00a0\u00bb1_2&Prime; _builder_version=\u00a0\u00bb3.0.95&Prime;][et_pb_gallery gallery_ids=\u00a0\u00bb1415,1406,1407,1408,1416,1409,1410,1411,1413,1414,1417,1419,1420,1421,1422&Prime; show_title_and_caption=\u00a0\u00bboff\u00a0\u00bb _builder_version=\u00a0\u00bb3.20.2&Prime; title_font=\u00a0\u00bb||||||||\u00a0\u00bb caption_font=\u00a0\u00bb||||||||\u00a0\u00bb caption_text_align=\u00a0\u00bbcenter\u00a0\u00bb caption_font_size_phone=\u00a0\u00bb10px\u00a0\u00bb caption_font_size_last_edited=\u00a0\u00bbon|phone\u00a0\u00bb caption_line_height=\u00a0\u00bb25px\u00a0\u00bb pagination_font=\u00a0\u00bb||||||||\u00a0\u00bb box_shadow_style_image=\u00a0\u00bbpreset2&Prime; custom_margin=\u00a0\u00bb143px||\u00a0\u00bb custom_margin_phone=\u00a0\u00bb16px||\u00a0\u00bb custom_margin_last_edited=\u00a0\u00bbon|phone\u00a0\u00bb animation_style=\u00a0\u00bbslide\u00a0\u00bb][\/et_pb_gallery][\/et_pb_column][\/et_pb_row][\/et_pb_section][et_pb_section fb_built=\u00a0\u00bb1&Prime; _builder_version=\u00a0\u00bb3.0.95&Prime; background_color=\u00a0\u00bb#408fdd\u00a0\u00bb custom_padding=\u00a0\u00bb0|0px|10px|0px|false|false\u00a0\u00bb][et_pb_row custom_padding=\u00a0\u00bb33px|0px|27px|0px\u00a0\u00bb _builder_version=\u00a0\u00bb3.0.47&Prime; background_size=\u00a0\u00bbinitial\u00a0\u00bb background_position=\u00a0\u00bbtop_left\u00a0\u00bb background_repeat=\u00a0\u00bbrepeat\u00a0\u00bb][et_pb_column type=\u00a0\u00bb4_4&Prime; _builder_version=\u00a0\u00bb3.0.47&Prime;][et_pb_cta title=\u00a0\u00bbFacebook\u00a0\u00bb button_url=\u00a0\u00bbhttps:\/\/www.facebook.com\/mydatr.fr\u00a0\u00bb button_text=\u00a0\u00bbNous rejoindre\u00a0\u00bb admin_label=\u00a0\u00bbCall To Action\u00a0\u00bb _builder_version=\u00a0\u00bb3.20.2&Prime; header_level=\u00a0\u00bbh1&Prime; header_font=\u00a0\u00bb||||||||\u00a0\u00bb header_font_size=\u00a0\u00bb52px\u00a0\u00bb header_font_size_phone=\u00a0\u00bb45px\u00a0\u00bb header_font_size_last_edited=\u00a0\u00bbon|phone\u00a0\u00bb body_font=\u00a0\u00bb||||||||\u00a0\u00bb body_font_size_phone=\u00a0\u00bb22px\u00a0\u00bb body_font_size_last_edited=\u00a0\u00bbon|phone\u00a0\u00bb use_background_color=\u00a0\u00bboff\u00a0\u00bb background_size=\u00a0\u00bbinitial\u00a0\u00bb background_position=\u00a0\u00bbtop_left\u00a0\u00bb background_repeat=\u00a0\u00bbrepeat\u00a0\u00bb custom_button=\u00a0\u00bbon\u00a0\u00bb button_border_radius=\u00a0\u00bb30px\u00a0\u00bb button_font=\u00a0\u00bb||||||||\u00a0\u00bb button_icon=\u00a0\u00bb%%291%%\u00a0\u00bb button_icon_color=\u00a0\u00bb#ffffff\u00a0\u00bb button_on_hover=\u00a0\u00bboff\u00a0\u00bb button_text_shadow_style=\u00a0\u00bbpreset1&Prime; box_shadow_style_button=\u00a0\u00bbpreset1&Prime; link_option_url_new_window=\u00a0\u00bbon\u00a0\u00bb button_text_size__hover_enabled=\u00a0\u00bboff\u00a0\u00bb button_one_text_size__hover_enabled=\u00a0\u00bboff\u00a0\u00bb button_two_text_size__hover_enabled=\u00a0\u00bboff\u00a0\u00bb button_text_color__hover_enabled=\u00a0\u00bboff\u00a0\u00bb button_one_text_color__hover_enabled=\u00a0\u00bboff\u00a0\u00bb button_two_text_color__hover_enabled=\u00a0\u00bboff\u00a0\u00bb button_border_width__hover_enabled=\u00a0\u00bboff\u00a0\u00bb button_one_border_width__hover_enabled=\u00a0\u00bboff\u00a0\u00bb button_two_border_width__hover_enabled=\u00a0\u00bboff\u00a0\u00bb button_border_color__hover_enabled=\u00a0\u00bboff\u00a0\u00bb button_one_border_color__hover_enabled=\u00a0\u00bboff\u00a0\u00bb button_two_border_color__hover_enabled=\u00a0\u00bboff\u00a0\u00bb button_border_radius__hover_enabled=\u00a0\u00bboff\u00a0\u00bb button_one_border_radius__hover_enabled=\u00a0\u00bboff\u00a0\u00bb button_two_border_radius__hover_enabled=\u00a0\u00bboff\u00a0\u00bb button_letter_spacing__hover_enabled=\u00a0\u00bboff\u00a0\u00bb button_one_letter_spacing__hover_enabled=\u00a0\u00bboff\u00a0\u00bb button_two_letter_spacing__hover_enabled=\u00a0\u00bboff\u00a0\u00bb button_bg_color__hover_enabled=\u00a0\u00bboff\u00a0\u00bb button_one_bg_color__hover_enabled=\u00a0\u00bboff\u00a0\u00bb button_two_bg_color__hover_enabled=\u00a0\u00bboff\u00a0\u00bb]<p>N&rsquo;h\u00e9sitez pas \u00e0 nous suivre!<\/p>[\/et_pb_cta][\/et_pb_column][\/et_pb_row][\/et_pb_section]\n","protected":false},"excerpt":{"rendered":"","protected":false},"author":1,"featured_media":275,"comment_status":"open","ping_status":"closed","template":"","meta":{"ngg_post_thumbnail":0,"_et_pb_use_builder":"on","_et_pb_old_content":""},"project_category":[10],"project_tag":[],"_links":{"self":[{"href":"https:\/\/www.mydatr.fr\/bulgarie2019\/wp-json\/wp\/v2\/project\/495"}],"collection":[{"href":"https:\/\/www.mydatr.fr\/bulgarie2019\/wp-json\/wp\/v2\/project"}],"about":[{"href":"https:\/\/www.mydatr.fr\/bulgarie2019\/wp-json\/wp\/v2\/types\/project"}],"author":[{"embeddable":true,"href":"https:\/\/www.mydatr.fr\/bulgarie2019\/wp-json\/wp\/v2\/users\/1"}],"replies":[{"embeddable":true,"href":"https:\/\/www.mydatr.fr\/bulgarie2019\/wp-json\/wp\/v2\/comments?post=495"}],"version-history":[{"count":12,"href":"https:\/\/www.mydatr.fr\/bulgarie2019\/wp-json\/wp\/v2\/project\/495\/revisions"}],"predecessor-version":[{"id":1428,"href":"https:\/\/www.mydatr.fr\/bulgarie2019\/wp-json\/wp\/v2\/project\/495\/revisions\/1428"}],"wp:featuredmedia":[{"embeddable":true,"href":"https:\/\/www.mydatr.fr\/bulgarie2019\/wp-json\/wp\/v2\/media\/275"}],"wp:attachment":[{"href":"https:\/\/www.mydatr.fr\/bulgarie2019\/wp-json\/wp\/v2\/media?parent=495"}],"wp:term":[{"taxonomy":"project_category","embeddable":true,"href":"https:\/\/www.mydatr.fr\/bulgarie2019\/wp-json\/wp\/v2\/project_category?post=495"},{"taxonomy":"project_tag","embeddable":true,"href":"https:\/\/www.mydatr.fr\/bulgarie2019\/wp-json\/wp\/v2\/project_tag?post=495"}],"curies":[{"name":"wp","href":"https:\/\/api.w.org\/{rel}","templated":true}]}}